{"id":3253,"date":"2025-09-11T16:28:16","date_gmt":"2025-09-11T14:28:16","guid":{"rendered":"https:\/\/www.dvorakgallery.com\/?post_type=umelec&#038;p=3253"},"modified":"2026-06-04T00:44:06","modified_gmt":"2026-06-03T22:44:06","slug":"alejandro-garcia","status":"publish","type":"umelec","link":"https:\/\/www.dvorakgallery.com\/en\/umelci\/alejandro-garcia\/","title":{"rendered":"Alejandro Garc\u00eda"},"content":{"rendered":"\t\t<div data-elementor-type=\"wp-post\" data-elementor-id=\"3253\" class=\"elementor elementor-3253\" data-elementor-post-type=\"umelec\">\n\t\t\t\t<div class=\"elementor-element elementor-element-d1970fd e-flex e-con-boxed e-con e-parent\" data-id=\"d1970fd\" data-element_type=\"container\" data-e-type=\"container\" data-settings=\"{&quot;background_background&quot;:&quot;classic&quot;}\">\n\t\t\t\t\t<div class=\"e-con-inner\">\n\t\t<div class=\"elementor-element elementor-element-c48d181 e-con-full e-flex e-con e-child\" data-id=\"c48d181\" data-element_type=\"container\" data-e-type=\"container\">\n\t\t<div class=\"elementor-element elementor-element-b802955 e-con-full e-flex e-con e-child\" data-id=\"b802955\" data-element_type=\"container\" data-e-type=\"container\">\n\t\t\t\t<div class=\"elementor-element elementor-element-7e78740 elementor-widget__width-initial elementor-widget elementor-widget-heading\" data-id=\"7e78740\" data-element_type=\"widget\" data-e-type=\"widget\" data-widget_type=\"heading.default\">\n\t\t\t\t\t<h3 class=\"elementor-heading-title elementor-size-default\">v\u00fdtvarn\u00edk<\/h3>\t\t\t\t<\/div>\n\t\t\t\t<\/div>\n\t\t<div class=\"elementor-element elementor-element-9f845cb e-con-full e-flex e-con e-child\" data-id=\"9f845cb\" data-element_type=\"container\" data-e-type=\"container\">\n\t\t\t\t<div class=\"elementor-element elementor-element-164b51e elementor-widget elementor-widget-heading\" data-id=\"164b51e\" data-element_type=\"widget\" data-e-type=\"widget\" data-widget_type=\"heading.default\">\n\t\t\t\t\t<h2 class=\"elementor-heading-title elementor-size-default\">Alejandro Garc\u00eda <\/h2>\t\t\t\t<\/div>\n\t\t\t\t<\/div>\n\t\t\t\t<\/div>\n\t\t\t\t\t<\/div>\n\t\t\t\t<\/div>\n\t\t<div class=\"elementor-element elementor-element-7067fa4 e-con-full e-flex e-con e-parent\" data-id=\"7067fa4\" data-element_type=\"container\" data-e-type=\"container\" data-settings=\"{&quot;background_background&quot;:&quot;classic&quot;}\">\n\t\t<div class=\"elementor-element elementor-element-68e7d19 e-con-full e-flex e-con e-child\" data-id=\"68e7d19\" data-element_type=\"container\" data-e-type=\"container\">\n\t\t<div class=\"elementor-element elementor-element-d6e4ed9 e-con-full e-flex e-con e-child\" data-id=\"d6e4ed9\" data-element_type=\"container\" data-e-type=\"container\">\n\t\t<div class=\"elementor-element elementor-element-5a81a1c e-con-full e-flex e-con e-child\" data-id=\"5a81a1c\" data-element_type=\"container\" data-e-type=\"container\">\n\t\t\t\t<div class=\"elementor-element elementor-element-e6d12ad elementor-widget elementor-widget-text-editor\" data-id=\"e6d12ad\" data-element_type=\"widget\" data-e-type=\"widget\" data-widget_type=\"text-editor.default\">\n\t\t\t\t\t\t\t\t\t<span style=\"color: #000000; font-family: Montserrat, sans-serif; font-weight: 400;\">\n<strong>Alejandro Garc\u00eda<\/strong> se ve sv\u00e9 tvorb\u011b v\u011bnuje abstraktn\u00ed malb\u011b zalo\u017een\u00e9 na spont\u00e1nn\u00edm gestu, pr\u00e1ci s barvou a v\u00fdrazn\u00e9 energii mal\u00ed\u0159sk\u00e9ho projevu. Jeho obrazy stav\u00ed na kontrastu dynamick\u00fdch tah\u016f, barevn\u00fdch akcent\u016f a voln\u011b budovan\u00e9 kompozice, kter\u00e1 ponech\u00e1v\u00e1 prostor pro vlastn\u00ed interpretaci div\u00e1ka.\n<\/span>\n\n<span style=\"color: #000000; font-family: Montserrat, sans-serif; font-weight: 400;\">\nCharakteristick\u00fdm prvkem jeho tvorby je kombinace v\u00fdrazn\u00fdch barevn\u00fdch ploch s intuitivn\u00edm rukopisem a d\u016frazem na vizu\u00e1ln\u00ed rytmus. V jednotliv\u00fdch d\u00edlech se prol\u00edn\u00e1 spont\u00e1nnost s promy\u0161lenou kompozi\u010dn\u00ed stavbou, d\u00edky \u010demu\u017e obrazy p\u016fsob\u00ed energicky a sou\u010dasn\u011b vyv\u00e1\u017een\u011b.\n<\/span>\n\n<span style=\"color: #000000; font-family: Montserrat, sans-serif; font-weight: 400;\">\nJeho abstraktn\u00ed malby navazuj\u00ed na tradici pov\u00e1le\u010dn\u00e9 gestick\u00e9 abstrakce a sou\u010dasn\u00e9ho expresivn\u00edho mal\u00ed\u0159stv\u00ed. D\u016fle\u017eitou roli zde hraje samotn\u00fd proces vzniku obrazu, pr\u00e1ce s vrstvami barev, strukturou povrchu a vizu\u00e1ln\u00ed intenzitou jednotliv\u00fdch mal\u00ed\u0159sk\u00fdch z\u00e1sah\u016f.\n<\/span>\t\t\t\t\t\t\t\t<\/div>\n\t\t\t\t<div class=\"elementor-element elementor-element-0d68916 elementor-widget elementor-widget-heading\" data-id=\"0d68916\" data-element_type=\"widget\" data-e-type=\"widget\" data-widget_type=\"heading.default\">\n\t\t\t\t\t<h2 class=\"elementor-heading-title elementor-size-default\">UM\u011aLECK\u00dd PROJEV<\/h2>\t\t\t\t<\/div>\n\t\t\t\t<\/div>\n\t\t<div class=\"elementor-element elementor-element-13c82b0 e-con-full e-flex e-con e-child\" data-id=\"13c82b0\" data-element_type=\"container\" data-e-type=\"container\">\n\t\t\t\t<div class=\"elementor-element elementor-element-e83ee93 elementor-widget elementor-widget-text-editor\" data-id=\"e83ee93\" data-element_type=\"widget\" data-e-type=\"widget\" data-widget_type=\"text-editor.default\">\n\t\t\t\t\t\t\t\t\t<span style=\"color: #000000; font-family: Montserrat, sans-serif; font-weight: 400;\">\nJeho obrazy jsou vhodn\u00e9 jak pro soukrom\u00e9 interi\u00e9ry, tak pro reprezentativn\u00ed komer\u010dn\u00ed prostory, kde dok\u00e1\u017eou vytvo\u0159it v\u00fdrazn\u00fd vizu\u00e1ln\u00ed akcent. D\u00edky kombinaci energick\u00e9ho mal\u00ed\u0159sk\u00e9ho projevu, v\u00fdrazn\u00e9 barevnosti a abstraktn\u00edho charakteru p\u016fsob\u00ed jednotliv\u00e1 d\u00edla sou\u010dasn\u011b dynamicky i nad\u010dasov\u011b.\n<\/span>\n\n<span style=\"color: #000000; font-family: Montserrat, sans-serif; font-weight: 400;\">\nV n\u011bkter\u00fdch s\u00e9ri\u00edch se objevuj\u00ed motivy a kompozi\u010dn\u00ed principy, kter\u00e9 umo\u017e\u0148uj\u00ed vz\u00e1jemn\u00e9 propojen\u00ed v\u00edce obraz\u016f v r\u00e1mci jednoho prostoru. Charakteristick\u00fdm znakem tvorby je d\u016fraz na vizu\u00e1ln\u00ed rytmus, pr\u00e1ci s kontrastem a osobit\u00fd mal\u00ed\u0159sk\u00fd rukopis.\n<\/span>\t\t\t\t\t\t\t\t<\/div>\n\t\t\t\t<\/div>\n\t\t\t\t<\/div>\n\t\t<div class=\"elementor-element elementor-element-0cef5f4 e-con-full e-flex e-con e-child\" data-id=\"0cef5f4\" data-element_type=\"container\" data-e-type=\"container\">\n\t\t\t\t<div class=\"elementor-element elementor-element-1f8752a elementor-widget elementor-widget-image\" data-id=\"1f8752a\" data-element_type=\"widget\" data-e-type=\"widget\" data-widget_type=\"image.default\">\n\t\t\t\t\t\t\t\t\t\t\t\t\t\t\t<img fetchpriority=\"high\" decoding=\"async\" width=\"1000\" height=\"749\" src=\"https:\/\/www.dvorakgallery.com\/wp-content\/uploads\/2025\/09\/detailmalby.jpg\" class=\"attachment-full size-full wp-image-4419\" alt=\"\" srcset=\"https:\/\/www.dvorakgallery.com\/wp-content\/uploads\/2025\/09\/detailmalby.jpg 1000w, https:\/\/www.dvorakgallery.com\/wp-content\/uploads\/2025\/09\/detailmalby-300x225.jpg 300w, https:\/\/www.dvorakgallery.com\/wp-content\/uploads\/2025\/09\/detailmalby-768x575.jpg 768w, https:\/\/www.dvorakgallery.com\/wp-content\/uploads\/2025\/09\/detailmalby-16x12.jpg 16w, https:\/\/www.dvorakgallery.com\/wp-content\/uploads\/2025\/09\/detailmalby-600x449.jpg 600w, https:\/\/www.dvorakgallery.com\/wp-content\/uploads\/2025\/09\/detailmalby-64x48.jpg 64w\" sizes=\"(max-width: 1000px) 100vw, 1000px\" \/>\t\t\t\t\t\t\t\t\t\t\t\t\t\t\t<\/div>\n\t\t\t\t<\/div>\n\t\t\t\t<\/div>\n\t\t\t\t<\/div>\n\t\t<div class=\"elementor-element elementor-element-acbdac0 e-flex e-con-boxed e-con e-parent\" data-id=\"acbdac0\" data-element_type=\"container\" data-e-type=\"container\" data-settings=\"{&quot;background_background&quot;:&quot;classic&quot;}\">\n\t\t\t\t\t<div class=\"e-con-inner\">\n\t\t\t\t<div class=\"elementor-element elementor-element-4160e2b nadpis-autor elementor-widget elementor-widget-heading\" data-id=\"4160e2b\" data-element_type=\"widget\" data-e-type=\"widget\" data-widget_type=\"heading.default\">\n\t\t\t\t\t<h2 class=\"elementor-heading-title elementor-size-default\">OBRAZY OD TOHOTO AUTORA<\/h2>\t\t\t\t<\/div>\n\t\t\t\t\t<\/div>\n\t\t\t\t<\/div>\n\t\t<div class=\"elementor-element elementor-element-79c69af e-flex e-con-boxed e-con e-parent\" data-id=\"79c69af\" data-element_type=\"container\" data-e-type=\"container\">\n\t\t\t\t\t<div class=\"e-con-inner\">\n\t\t\t\t<div class=\"elementor-element elementor-element-c2df37f author-products elementor-widget elementor-widget-shortcode\" data-id=\"c2df37f\" data-element_type=\"widget\" data-e-type=\"widget\" data-widget_type=\"shortcode.default\">\n\t\t\t\t\t\t\t<div class=\"elementor-shortcode\"><ul class=\"products columns-4\">\n<li class=\"add-to-wishlist-before_image product type-product post-3246 status-publish first instock product_cat-abstrakce product_cat-abstraktni product_cat-ctverec product_cat-olejomalba product_cat-vsechny-malby has-post-thumbnail shipping-taxable purchasable product-type-simple\">\n\t<div class=\"yith-add-to-wishlist-button-block\" data-product-id=\"3246\" data-attributes=\"{&quot;kind&quot;:&quot;button&quot;}\"><\/div><a href=\"https:\/\/www.dvorakgallery.com\/en\/product\/tanec-stinu\/\" class=\"woocommerce-LoopProduct-link woocommerce-loop-product__link\"><img decoding=\"async\" width=\"300\" height=\"300\" src=\"https:\/\/www.dvorakgallery.com\/wp-content\/uploads\/2025\/09\/tanec-stn-90x90cm-300x300.webp\" class=\"attachment-woocommerce_thumbnail size-woocommerce_thumbnail\" alt=\"Tanec st\u00edn\u016f \u2013 abstraktn\u00ed olejomalba Alejandra Garc\u00edi z Madridu v rozm\u011bru 90\u00d790 cm\" srcset=\"https:\/\/www.dvorakgallery.com\/wp-content\/uploads\/2025\/09\/tanec-stn-90x90cm-300x300.webp 300w, https:\/\/www.dvorakgallery.com\/wp-content\/uploads\/2025\/09\/tanec-stn-90x90cm-150x150.webp 150w, https:\/\/www.dvorakgallery.com\/wp-content\/uploads\/2025\/09\/tanec-stn-90x90cm-768x768.webp 768w, https:\/\/www.dvorakgallery.com\/wp-content\/uploads\/2025\/09\/tanec-stn-90x90cm-600x600.webp 600w, https:\/\/www.dvorakgallery.com\/wp-content\/uploads\/2025\/09\/tanec-stn-90x90cm-100x100.webp 100w, https:\/\/www.dvorakgallery.com\/wp-content\/uploads\/2025\/09\/tanec-stn-90x90cm-64x64.webp 64w, https:\/\/www.dvorakgallery.com\/wp-content\/uploads\/2025\/09\/tanec-stn-90x90cm.webp 1000w\" sizes=\"(max-width: 300px) 100vw, 300px\" \/><h2 class=\"woocommerce-loop-product__title\">TANEC ST\u00cdN\u016e<\/h2><\/a><div class=\"dg-under-title\"><div class=\"dg-artist\"><a class=\"dg-link\" href=\"https:\/\/www.dvorakgallery.com\/en\/umelci\/alejandro-garcia\/\">Alejandro Garc\u00eda<\/a><\/div><div class=\"dg-sub\"><a class=\"dg-link\" href=\"https:\/\/www.dvorakgallery.com\/en\/product-category\/technika-malby\/olejomalba\/\">Olejomalba<\/a> \u00b7 90 x 90 cm<\/div><\/div>\n\t<span class=\"price\"><span class=\"woocommerce-Price-amount amount\"><bdi>34 000&nbsp;<span class=\"woocommerce-Price-currencySymbol\" translate=\"no\">&#75;&#269;<\/span><\/bdi><\/span><\/span>\n<a href=\"\/en\/wp-json\/wp\/v2\/umelec\/3253?add-to-cart=3246\" aria-describedby=\"woocommerce_loop_add_to_cart_link_describedby_3246\" data-quantity=\"1\" class=\"button product_type_simple add_to_cart_button ajax_add_to_cart\" data-product_id=\"3246\" data-product_sku=\"\" aria-label=\"Add to cart: &ldquo;TANEC ST\u00cdN\u016e&rdquo;\" rel=\"nofollow\" data-success_message=\"&ldquo;TANEC ST\u00cdN\u016e&rdquo; has been added to your cart\" role=\"button\">Add to cart<\/a>\t<span id=\"woocommerce_loop_add_to_cart_link_describedby_3246\" class=\"screen-reader-text\">\n\t\t\t<\/span>\n<\/li>\n<li class=\"add-to-wishlist-before_image product type-product post-3237 status-publish instock product_cat-abstrakce product_cat-abstraktni product_cat-ctverec product_cat-olejomalba product_cat-vsechny-malby product_tag-kuratorsky-vyber has-post-thumbnail shipping-taxable purchasable product-type-simple\">\n\t<div class=\"yith-add-to-wishlist-button-block\" data-product-id=\"3237\" data-attributes=\"{&quot;kind&quot;:&quot;button&quot;}\"><\/div><a href=\"https:\/\/www.dvorakgallery.com\/en\/product\/modry-vitr\/\" class=\"woocommerce-LoopProduct-link woocommerce-loop-product__link\"><img decoding=\"async\" width=\"300\" height=\"300\" src=\"https:\/\/www.dvorakgallery.com\/wp-content\/uploads\/2025\/09\/modr-vtr-130x130cm-300x300.webp\" class=\"attachment-woocommerce_thumbnail size-woocommerce_thumbnail\" alt=\"Modr\u00fd v\u00edtr \u2013 abstraktn\u00ed olejomalba Alejandra Garc\u00edi z Madridu v rozm\u011bru 130\u00d7130 cm\" srcset=\"https:\/\/www.dvorakgallery.com\/wp-content\/uploads\/2025\/09\/modr-vtr-130x130cm-300x300.webp 300w, https:\/\/www.dvorakgallery.com\/wp-content\/uploads\/2025\/09\/modr-vtr-130x130cm-150x150.webp 150w, https:\/\/www.dvorakgallery.com\/wp-content\/uploads\/2025\/09\/modr-vtr-130x130cm-768x768.webp 768w, https:\/\/www.dvorakgallery.com\/wp-content\/uploads\/2025\/09\/modr-vtr-130x130cm-600x600.webp 600w, https:\/\/www.dvorakgallery.com\/wp-content\/uploads\/2025\/09\/modr-vtr-130x130cm-100x100.webp 100w, https:\/\/www.dvorakgallery.com\/wp-content\/uploads\/2025\/09\/modr-vtr-130x130cm-64x64.webp 64w, https:\/\/www.dvorakgallery.com\/wp-content\/uploads\/2025\/09\/modr-vtr-130x130cm.webp 1000w\" sizes=\"(max-width: 300px) 100vw, 300px\" \/><h2 class=\"woocommerce-loop-product__title\">MODR\u00dd V\u00cdTR<\/h2><\/a><div class=\"dg-under-title\"><div class=\"dg-artist\"><a class=\"dg-link\" href=\"https:\/\/www.dvorakgallery.com\/en\/umelci\/alejandro-garcia\/\">Alejandro Garc\u00eda<\/a><\/div><div class=\"dg-sub\"><a class=\"dg-link\" href=\"https:\/\/www.dvorakgallery.com\/en\/product-category\/technika-malby\/olejomalba\/\">Olejomalba<\/a> \u00b7 130 \u00d7 130 cm<\/div><\/div>\n\t<span class=\"price\"><span class=\"woocommerce-Price-amount amount\"><bdi>54 000&nbsp;<span class=\"woocommerce-Price-currencySymbol\" translate=\"no\">&#75;&#269;<\/span><\/bdi><\/span><\/span>\n<a href=\"\/en\/wp-json\/wp\/v2\/umelec\/3253?add-to-cart=3237\" aria-describedby=\"woocommerce_loop_add_to_cart_link_describedby_3237\" data-quantity=\"1\" class=\"button product_type_simple add_to_cart_button ajax_add_to_cart\" data-product_id=\"3237\" data-product_sku=\"\" aria-label=\"Add to cart: &ldquo;MODR\u00dd V\u00cdTR&rdquo;\" rel=\"nofollow\" data-success_message=\"&ldquo;MODR\u00dd V\u00cdTR&rdquo; has been added to your cart\" role=\"button\">Add to cart<\/a>\t<span id=\"woocommerce_loop_add_to_cart_link_describedby_3237\" class=\"screen-reader-text\">\n\t\t\t<\/span>\n<\/li>\n<li class=\"add-to-wishlist-before_image product type-product post-3231 status-publish instock product_cat-abstrakce product_cat-abstraktni product_cat-na-vysku product_cat-novinky product_cat-olejomalba product_cat-vsechny-malby has-post-thumbnail shipping-taxable purchasable product-type-simple\">\n\t<div class=\"yith-add-to-wishlist-button-block\" data-product-id=\"3231\" data-attributes=\"{&quot;kind&quot;:&quot;button&quot;}\"><\/div><a href=\"https:\/\/www.dvorakgallery.com\/en\/product\/energie-okamziku\/\" class=\"woocommerce-LoopProduct-link woocommerce-loop-product__link\"><img loading=\"lazy\" decoding=\"async\" width=\"300\" height=\"300\" src=\"https:\/\/www.dvorakgallery.com\/wp-content\/uploads\/2025\/09\/energie-okamiku-80x120-cm-300x300.webp\" class=\"attachment-woocommerce_thumbnail size-woocommerce_thumbnail\" alt=\"Energie okam\u017eiku \u2013 abstraktn\u00ed olejomalba Alejandra Garc\u00edi z Madridu v rozm\u011bru 80\u00d7120 cm\" srcset=\"https:\/\/www.dvorakgallery.com\/wp-content\/uploads\/2025\/09\/energie-okamiku-80x120-cm-300x300.webp 300w, https:\/\/www.dvorakgallery.com\/wp-content\/uploads\/2025\/09\/energie-okamiku-80x120-cm-150x150.webp 150w, https:\/\/www.dvorakgallery.com\/wp-content\/uploads\/2025\/09\/energie-okamiku-80x120-cm-768x768.webp 768w, https:\/\/www.dvorakgallery.com\/wp-content\/uploads\/2025\/09\/energie-okamiku-80x120-cm-600x600.webp 600w, https:\/\/www.dvorakgallery.com\/wp-content\/uploads\/2025\/09\/energie-okamiku-80x120-cm-100x100.webp 100w, https:\/\/www.dvorakgallery.com\/wp-content\/uploads\/2025\/09\/energie-okamiku-80x120-cm-64x64.webp 64w, https:\/\/www.dvorakgallery.com\/wp-content\/uploads\/2025\/09\/energie-okamiku-80x120-cm.webp 1000w\" sizes=\"(max-width: 300px) 100vw, 300px\" \/><h2 class=\"woocommerce-loop-product__title\">ENERGIE OKAM\u017dIKU<\/h2><\/a><div class=\"dg-under-title\"><div class=\"dg-artist\"><a class=\"dg-link\" href=\"https:\/\/www.dvorakgallery.com\/en\/umelci\/alejandro-garcia\/\">Alejandro Garc\u00eda<\/a><\/div><div class=\"dg-sub\"><a class=\"dg-link\" href=\"https:\/\/www.dvorakgallery.com\/en\/product-category\/technika-malby\/olejomalba\/\">Olejomalba<\/a> \u00b7 80 \u00d7 120 cm<\/div><\/div>\n\t<span class=\"price\"><span class=\"woocommerce-Price-amount amount\"><bdi>36 000&nbsp;<span class=\"woocommerce-Price-currencySymbol\" translate=\"no\">&#75;&#269;<\/span><\/bdi><\/span><\/span>\n<a href=\"\/en\/wp-json\/wp\/v2\/umelec\/3253?add-to-cart=3231\" aria-describedby=\"woocommerce_loop_add_to_cart_link_describedby_3231\" data-quantity=\"1\" class=\"button product_type_simple add_to_cart_button ajax_add_to_cart\" data-product_id=\"3231\" data-product_sku=\"\" aria-label=\"Add to cart: &ldquo;ENERGIE OKAM\u017dIKU&rdquo;\" rel=\"nofollow\" data-success_message=\"&ldquo;ENERGIE OKAM\u017dIKU&rdquo; has been added to your cart\" role=\"button\">Add to cart<\/a>\t<span id=\"woocommerce_loop_add_to_cart_link_describedby_3231\" class=\"screen-reader-text\">\n\t\t\t<\/span>\n<\/li>\n<\/ul>\n\n<\/div>\n\t\t\t\t\t\t<\/div>\n\t\t\t\t\t<\/div>\n\t\t\t\t<\/div>\n\t\t\t\t<\/div>\n\t\t","protected":false},"featured_media":0,"template":"","umelec":[77],"class_list":["post-3253","umelec","type-umelec","status-publish","hentry","umelec-alejandro-garcia"],"acf":[],"_links":{"self":[{"href":"https:\/\/www.dvorakgallery.com\/en\/wp-json\/wp\/v2\/umelec\/3253"}],"collection":[{"href":"https:\/\/www.dvorakgallery.com\/en\/wp-json\/wp\/v2\/umelec"}],"about":[{"href":"https:\/\/www.dvorakgallery.com\/en\/wp-json\/wp\/v2\/types\/umelec"}],"version-history":[{"count":10,"href":"https:\/\/www.dvorakgallery.com\/en\/wp-json\/wp\/v2\/umelec\/3253\/revisions"}],"predecessor-version":[{"id":4422,"href":"https:\/\/www.dvorakgallery.com\/en\/wp-json\/wp\/v2\/umelec\/3253\/revisions\/4422"}],"wp:attachment":[{"href":"https:\/\/www.dvorakgallery.com\/en\/wp-json\/wp\/v2\/media?parent=3253"}],"wp:term":[{"taxonomy":"umelec","embeddable":true,"href":"https:\/\/www.dvorakgallery.com\/en\/wp-json\/wp\/v2\/umelec?post=3253"}],"curies":[{"name":"wp","href":"https:\/\/api.w.org\/{rel}","templated":true}]}}