{"id":3510,"date":"2025-09-23T21:53:23","date_gmt":"2025-09-23T19:53:23","guid":{"rendered":"https:\/\/www.dvorakgallery.com\/?post_type=umelec&#038;p=3510"},"modified":"2026-06-04T00:16:39","modified_gmt":"2026-06-03T22:16:39","slug":"andrzej-cieslar","status":"publish","type":"umelec","link":"https:\/\/www.dvorakgallery.com\/en\/umelci\/andrzej-cieslar\/","title":{"rendered":"Andrzej Cie\u015blar"},"content":{"rendered":"\t\t<div data-elementor-type=\"wp-post\" data-elementor-id=\"3510\" class=\"elementor elementor-3510\" data-elementor-post-type=\"umelec\">\n\t\t\t\t<div class=\"elementor-element elementor-element-d1970fd e-flex e-con-boxed e-con e-parent\" data-id=\"d1970fd\" data-element_type=\"container\" data-e-type=\"container\" data-settings=\"{&quot;background_background&quot;:&quot;classic&quot;}\">\n\t\t\t\t\t<div class=\"e-con-inner\">\n\t\t<div class=\"elementor-element elementor-element-c48d181 e-con-full e-flex e-con e-child\" data-id=\"c48d181\" data-element_type=\"container\" data-e-type=\"container\">\n\t\t<div class=\"elementor-element elementor-element-b802955 e-con-full e-flex e-con e-child\" data-id=\"b802955\" data-element_type=\"container\" data-e-type=\"container\">\n\t\t\t\t<div class=\"elementor-element elementor-element-7e78740 elementor-widget__width-initial elementor-widget elementor-widget-heading\" data-id=\"7e78740\" data-element_type=\"widget\" data-e-type=\"widget\" data-widget_type=\"heading.default\">\n\t\t\t\t\t<h3 class=\"elementor-heading-title elementor-size-default\">v\u00fdtvarn\u00edk<\/h3>\t\t\t\t<\/div>\n\t\t\t\t<\/div>\n\t\t<div class=\"elementor-element elementor-element-9f845cb e-con-full e-flex e-con e-child\" data-id=\"9f845cb\" data-element_type=\"container\" data-e-type=\"container\">\n\t\t\t\t<div class=\"elementor-element elementor-element-164b51e elementor-widget elementor-widget-heading\" data-id=\"164b51e\" data-element_type=\"widget\" data-e-type=\"widget\" data-widget_type=\"heading.default\">\n\t\t\t\t\t<h2 class=\"elementor-heading-title elementor-size-default\">Andrzej Cie\u015blar<\/h2>\t\t\t\t<\/div>\n\t\t\t\t<\/div>\n\t\t\t\t<\/div>\n\t\t\t\t\t<\/div>\n\t\t\t\t<\/div>\n\t\t<div class=\"elementor-element elementor-element-7067fa4 e-con-full e-flex e-con e-parent\" data-id=\"7067fa4\" data-element_type=\"container\" data-e-type=\"container\" data-settings=\"{&quot;background_background&quot;:&quot;classic&quot;}\">\n\t\t<div class=\"elementor-element elementor-element-68e7d19 e-con-full e-flex e-con e-child\" data-id=\"68e7d19\" data-element_type=\"container\" data-e-type=\"container\">\n\t\t<div class=\"elementor-element elementor-element-d6e4ed9 e-con-full e-flex e-con e-child\" data-id=\"d6e4ed9\" data-element_type=\"container\" data-e-type=\"container\">\n\t\t<div class=\"elementor-element elementor-element-5a81a1c e-con-full e-flex e-con e-child\" data-id=\"5a81a1c\" data-element_type=\"container\" data-e-type=\"container\">\n\t\t\t\t<div class=\"elementor-element elementor-element-e6d12ad elementor-widget elementor-widget-text-editor\" data-id=\"e6d12ad\" data-element_type=\"widget\" data-e-type=\"widget\" data-widget_type=\"text-editor.default\">\n\t\t\t\t\t\t\t\t\t<span style=\"color: #000000; font-family: Montserrat, sans-serif; font-weight: 400;\"><strong>Andrzej Cie\u015blar<\/strong> (narozen 7. dubna 1981 v \u010cesk\u00e9m T\u011b\u0161\u00edn\u011b) je \u010desk\u00fd mal\u00ed\u0159. V roce 2000 absolvoval na SOU ve Fr\u00fddku-M\u00edstku obor Propagace a v\u00fdstavnictv\u00ed, n\u00e1sledn\u011b v letech 2002\u20132006 studoval na Institutu pro um\u011bleck\u00e1 studia Slezsk\u00e9 univerzity v Katovic\u00edch. Ve sv\u00e9 tvorb\u011b se v\u011bnuje p\u0159edev\u0161\u00edm malb\u011b a dlouhodob\u011b se pohybuje na sou\u010dasn\u00e9 v\u00fdtvarn\u00e9 sc\u00e9n\u011b. V roce 2022 spoluzalo\u017eil spolek Galerie \u010cerven\u00fd Kostel v Hlu\u010d\u00edn\u011b, kter\u00fd po\u0159\u00e1d\u00e1 kulturn\u00ed a v\u00fdstavn\u00ed akce. Andrzej Cie\u015blar \u017eije a tvo\u0159\u00ed v Hlu\u010d\u00edn\u011b, kde se v\u011bnuje voln\u00e9 um\u011bleck\u00e9 tvorb\u011b a pravideln\u011b vystavuje doma i v zahrani\u010d\u00ed.<\/span>\t\t\t\t\t\t\t\t<\/div>\n\t\t\t\t<div class=\"elementor-element elementor-element-0d68916 elementor-widget elementor-widget-heading\" data-id=\"0d68916\" data-element_type=\"widget\" data-e-type=\"widget\" data-widget_type=\"heading.default\">\n\t\t\t\t\t<h2 class=\"elementor-heading-title elementor-size-default\">TVORBA A UZN\u00c1N\u00cd<\/h2>\t\t\t\t<\/div>\n\t\t\t\t<\/div>\n\t\t<div class=\"elementor-element elementor-element-b8d662a e-con-full e-flex e-con e-child\" data-id=\"b8d662a\" data-element_type=\"container\" data-e-type=\"container\">\n\t\t<div class=\"elementor-element elementor-element-ec32c0b e-con-full e-flex e-con e-child\" data-id=\"ec32c0b\" data-element_type=\"container\" data-e-type=\"container\">\n\t\t\t\t<div class=\"elementor-element elementor-element-4426422 elementor-widget elementor-widget-text-editor\" data-id=\"4426422\" data-element_type=\"widget\" data-e-type=\"widget\" data-widget_type=\"text-editor.default\">\n\t\t\t\t\t\t\t\t\t<span style=\"color: #000000; font-family: Montserrat, sans-serif; font-weight: 400;\">Ve sv\u00e9 tvorb\u011b se <strong>Andrzej Cie\u015blar<\/strong> v\u011bnuje sou\u010dasn\u00e9 malb\u011b, kterou pravideln\u011b prezentuje na samostatn\u00fdch i kolektivn\u00edch v\u00fdstav\u00e1ch v \u010cesk\u00e9 republice i zahrani\u010d\u00ed. Samostatn\u011b vystavoval nap\u0159\u00edklad v Praze, Ostrav\u011b, Hav\u00ed\u0159ov\u011b, Opav\u011b, Hlu\u010d\u00edn\u011b nebo Velk\u00e9 Byst\u0159ici, jeho d\u00edla byla p\u0159edstavena tak\u00e9 na v\u00fdstav\u00e1ch v Bratislav\u011b, Chorvatsku \u010di N\u011bmecku. Pravideln\u011b se \u00fa\u010dastn\u00ed p\u0159ehl\u00eddky sou\u010dasn\u00e9ho um\u011bn\u00ed Art Prague a projektu Otev\u0159en\u00e9 ateli\u00e9ry Hlu\u010d\u00edn. Tvorba Andrzeje Cie\u015blara je zastoupena v soukrom\u00fdch sb\u00edrk\u00e1ch v \u010cesk\u00e9 republice i zahrani\u010d\u00ed, mimo jin\u00e9 ve sb\u00edrk\u00e1ch Michala Hor\u00e1\u010dka, Michala a Heleny T\u0159e\u0161t\u00edkov\u00fdch \u010di Ond\u0159eje Soukupa, a jeho d\u00edla se nach\u00e1zej\u00ed v soukrom\u00fdch kolekc\u00edch v Polsku, N\u011bmecku, Rakousku, \u0160v\u00fdcarsku, Chorvatsku, Velk\u00e9 Brit\u00e1nii, Spojen\u00fdch st\u00e1tech a Mexiku.<\/span>\t\t\t\t\t\t\t\t<\/div>\n\t\t\t\t<\/div>\n\t\t\t\t<\/div>\n\t\t\t\t<\/div>\n\t\t<div class=\"elementor-element elementor-element-0cef5f4 e-con-full e-flex e-con e-child\" data-id=\"0cef5f4\" data-element_type=\"container\" data-e-type=\"container\">\n\t\t\t\t<div class=\"elementor-element elementor-element-1f8752a elementor-widget elementor-widget-image\" data-id=\"1f8752a\" data-element_type=\"widget\" data-e-type=\"widget\" data-widget_type=\"image.default\">\n\t\t\t\t\t\t\t\t\t\t\t\t\t\t\t<img fetchpriority=\"high\" decoding=\"async\" width=\"1000\" height=\"750\" src=\"https:\/\/www.dvorakgallery.com\/wp-content\/uploads\/2025\/09\/Andrzej-Cieslar-3.webp\" class=\"attachment-full size-full wp-image-3515\" alt=\"Andrzej Cie\u015blar, \u010desk\u00fd mal\u00ed\u0159 polsk\u00e9ho p\u016fvodu, p\u0159ed sv\u00fdmi obrazy vystaven\u00fdmi ve vitr\u00edn\u011b galerie\" srcset=\"https:\/\/www.dvorakgallery.com\/wp-content\/uploads\/2025\/09\/Andrzej-Cieslar-3.webp 1000w, https:\/\/www.dvorakgallery.com\/wp-content\/uploads\/2025\/09\/Andrzej-Cieslar-3-300x225.webp 300w, https:\/\/www.dvorakgallery.com\/wp-content\/uploads\/2025\/09\/Andrzej-Cieslar-3-768x576.webp 768w, https:\/\/www.dvorakgallery.com\/wp-content\/uploads\/2025\/09\/Andrzej-Cieslar-3-600x450.webp 600w, https:\/\/www.dvorakgallery.com\/wp-content\/uploads\/2025\/09\/Andrzej-Cieslar-3-64x48.webp 64w\" sizes=\"(max-width: 1000px) 100vw, 1000px\" \/>\t\t\t\t\t\t\t\t\t\t\t\t\t\t\t<\/div>\n\t\t\t\t<\/div>\n\t\t\t\t<\/div>\n\t\t\t\t<\/div>\n\t\t<div class=\"elementor-element elementor-element-acbdac0 e-flex e-con-boxed e-con e-parent\" data-id=\"acbdac0\" data-element_type=\"container\" data-e-type=\"container\" data-settings=\"{&quot;background_background&quot;:&quot;classic&quot;}\">\n\t\t\t\t\t<div class=\"e-con-inner\">\n\t\t\t\t<div class=\"elementor-element elementor-element-4160e2b nadpis-autor elementor-widget elementor-widget-heading\" data-id=\"4160e2b\" data-element_type=\"widget\" data-e-type=\"widget\" data-widget_type=\"heading.default\">\n\t\t\t\t\t<h2 class=\"elementor-heading-title elementor-size-default\">OBRAZY OD TOHOTO AUTORA<\/h2>\t\t\t\t<\/div>\n\t\t\t\t\t<\/div>\n\t\t\t\t<\/div>\n\t\t<div class=\"elementor-element elementor-element-79c69af e-flex e-con-boxed e-con e-parent\" data-id=\"79c69af\" data-element_type=\"container\" data-e-type=\"container\">\n\t\t\t\t\t<div class=\"e-con-inner\">\n\t\t\t\t<div class=\"elementor-element elementor-element-c2df37f author-products elementor-widget elementor-widget-shortcode\" data-id=\"c2df37f\" data-element_type=\"widget\" data-e-type=\"widget\" data-widget_type=\"shortcode.default\">\n\t\t\t\t\t\t\t<div class=\"elementor-shortcode\"><ul class=\"products columns-4\">\n<li class=\"add-to-wishlist-before_image product type-product post-3540 status-publish first instock product_cat-vsechny-malby product_cat-abstrakce product_cat-akryl product_cat-architektura product_cat-na-sirku has-post-thumbnail shipping-taxable purchasable product-type-simple\">\n\t<div class=\"yith-add-to-wishlist-button-block\" data-product-id=\"3540\" data-attributes=\"{&quot;kind&quot;:&quot;button&quot;}\"><\/div><a href=\"https:\/\/www.dvorakgallery.com\/en\/product\/cubism-arch-vytvarnik-andrzej-cieslar\/\" class=\"woocommerce-LoopProduct-link woocommerce-loop-product__link\"><img decoding=\"async\" width=\"300\" height=\"300\" src=\"https:\/\/www.dvorakgallery.com\/wp-content\/uploads\/2025\/09\/cubism-arch.-120x100_akryl_2025-300x300.webp\" class=\"attachment-woocommerce_thumbnail size-woocommerce_thumbnail\" alt=\"Akrylov\u00fd obraz Cubism arch. 120 \u00d7 100 cm z roku 2025, autor V\u00fdtvarn\u00edk Andrzej Cie\u015blar\" srcset=\"https:\/\/www.dvorakgallery.com\/wp-content\/uploads\/2025\/09\/cubism-arch.-120x100_akryl_2025-300x300.webp 300w, https:\/\/www.dvorakgallery.com\/wp-content\/uploads\/2025\/09\/cubism-arch.-120x100_akryl_2025-150x150.webp 150w, https:\/\/www.dvorakgallery.com\/wp-content\/uploads\/2025\/09\/cubism-arch.-120x100_akryl_2025-768x768.webp 768w, https:\/\/www.dvorakgallery.com\/wp-content\/uploads\/2025\/09\/cubism-arch.-120x100_akryl_2025-600x600.webp 600w, https:\/\/www.dvorakgallery.com\/wp-content\/uploads\/2025\/09\/cubism-arch.-120x100_akryl_2025-100x100.webp 100w, https:\/\/www.dvorakgallery.com\/wp-content\/uploads\/2025\/09\/cubism-arch.-120x100_akryl_2025-50x50.webp 50w, https:\/\/www.dvorakgallery.com\/wp-content\/uploads\/2025\/09\/cubism-arch.-120x100_akryl_2025-64x64.webp 64w, https:\/\/www.dvorakgallery.com\/wp-content\/uploads\/2025\/09\/cubism-arch.-120x100_akryl_2025.webp 1000w\" sizes=\"(max-width: 300px) 100vw, 300px\" \/><h2 class=\"woocommerce-loop-product__title\">CUBISM ARCH.  2025<\/h2><\/a><div class=\"dg-under-title\"><div class=\"dg-artist\"><a class=\"dg-link\" href=\"https:\/\/www.dvorakgallery.com\/en\/umelci\/andrzej-cieslar\/\">Andrzej Cie\u015blar<\/a><\/div><div class=\"dg-sub\"><a class=\"dg-link\" href=\"https:\/\/www.dvorakgallery.com\/en\/product-category\/technika-malby\/akryl\/\">Akryl<\/a> \u00b7 120 x 100 cm<\/div><\/div>\n\t<span class=\"price\"><span class=\"woocommerce-Price-amount amount\"><bdi>40 000&nbsp;<span class=\"woocommerce-Price-currencySymbol\" translate=\"no\">&#75;&#269;<\/span><\/bdi><\/span><\/span>\n<a href=\"\/en\/wp-json\/wp\/v2\/umelec\/3510?add-to-cart=3540\" aria-describedby=\"woocommerce_loop_add_to_cart_link_describedby_3540\" data-quantity=\"1\" class=\"button product_type_simple add_to_cart_button ajax_add_to_cart\" data-product_id=\"3540\" data-product_sku=\"\" aria-label=\"Add to cart: &ldquo;CUBISM ARCH.  2025&rdquo;\" rel=\"nofollow\" data-success_message=\"&ldquo;CUBISM ARCH.  2025&rdquo; has been added to your cart\" role=\"button\">Add to cart<\/a>\t<span id=\"woocommerce_loop_add_to_cart_link_describedby_3540\" class=\"screen-reader-text\">\n\t\t\t<\/span>\n<\/li>\n<li class=\"add-to-wishlist-before_image product type-product post-3529 status-publish instock product_cat-abstrakce product_cat-abstraktni product_cat-akryl product_cat-na-vysku product_cat-novinky product_cat-vsechny-malby product_tag-kuratorsky-vyber has-post-thumbnail shipping-taxable purchasable product-type-simple\">\n\t<div class=\"yith-add-to-wishlist-button-block\" data-product-id=\"3529\" data-attributes=\"{&quot;kind&quot;:&quot;button&quot;}\"><\/div><a href=\"https:\/\/www.dvorakgallery.com\/en\/product\/megastruktury-malir-andrzej-cieslar\/\" class=\"woocommerce-LoopProduct-link woocommerce-loop-product__link\"><img decoding=\"async\" width=\"300\" height=\"300\" src=\"https:\/\/www.dvorakgallery.com\/wp-content\/uploads\/2025\/09\/megastruktury_120x110_akryl_2023-300x300.webp\" class=\"attachment-woocommerce_thumbnail size-woocommerce_thumbnail\" alt=\"Akrylov\u00fd obraz MEGASTRUKTURY 120 \u00d7 110 cm z roku 2023, autor Mal\u00ed\u0159 Andrzej Cie\u015blar\" srcset=\"https:\/\/www.dvorakgallery.com\/wp-content\/uploads\/2025\/09\/megastruktury_120x110_akryl_2023-300x300.webp 300w, https:\/\/www.dvorakgallery.com\/wp-content\/uploads\/2025\/09\/megastruktury_120x110_akryl_2023-150x150.webp 150w, https:\/\/www.dvorakgallery.com\/wp-content\/uploads\/2025\/09\/megastruktury_120x110_akryl_2023-768x768.webp 768w, https:\/\/www.dvorakgallery.com\/wp-content\/uploads\/2025\/09\/megastruktury_120x110_akryl_2023-600x600.webp 600w, https:\/\/www.dvorakgallery.com\/wp-content\/uploads\/2025\/09\/megastruktury_120x110_akryl_2023-100x100.webp 100w, https:\/\/www.dvorakgallery.com\/wp-content\/uploads\/2025\/09\/megastruktury_120x110_akryl_2023-50x50.webp 50w, https:\/\/www.dvorakgallery.com\/wp-content\/uploads\/2025\/09\/megastruktury_120x110_akryl_2023-64x64.webp 64w, https:\/\/www.dvorakgallery.com\/wp-content\/uploads\/2025\/09\/megastruktury_120x110_akryl_2023.webp 1000w\" sizes=\"(max-width: 300px) 100vw, 300px\" \/><h2 class=\"woocommerce-loop-product__title\">MEGASTRUKTURY 2023<\/h2><\/a><div class=\"dg-under-title\"><div class=\"dg-artist\"><a class=\"dg-link\" href=\"https:\/\/www.dvorakgallery.com\/en\/umelci\/andrzej-cieslar\/\">Andrzej Cie\u015blar<\/a><\/div><div class=\"dg-sub\"><a class=\"dg-link\" href=\"https:\/\/www.dvorakgallery.com\/en\/product-category\/technika-malby\/akryl\/\">Akryl<\/a> \u00b7 110 x 120 cm<\/div><\/div>\n\t<span class=\"price\"><span class=\"woocommerce-Price-amount amount\"><bdi>38 000&nbsp;<span class=\"woocommerce-Price-currencySymbol\" translate=\"no\">&#75;&#269;<\/span><\/bdi><\/span><\/span>\n<a href=\"\/en\/wp-json\/wp\/v2\/umelec\/3510?add-to-cart=3529\" aria-describedby=\"woocommerce_loop_add_to_cart_link_describedby_3529\" data-quantity=\"1\" class=\"button product_type_simple add_to_cart_button ajax_add_to_cart\" data-product_id=\"3529\" data-product_sku=\"\" aria-label=\"Add to cart: &ldquo;MEGASTRUKTURY 2023&rdquo;\" rel=\"nofollow\" data-success_message=\"&ldquo;MEGASTRUKTURY 2023&rdquo; has been added to your cart\" role=\"button\">Add to cart<\/a>\t<span id=\"woocommerce_loop_add_to_cart_link_describedby_3529\" class=\"screen-reader-text\">\n\t\t\t<\/span>\n<\/li>\n<li class=\"add-to-wishlist-before_image product type-product post-3522 status-publish instock product_cat-vsechny-malby product_cat-abstrakce product_cat-abstraktni product_cat-akryl product_cat-na-sirku product_tag-kuratorsky-vyber has-post-thumbnail shipping-taxable purchasable product-type-simple\">\n\t<div class=\"yith-add-to-wishlist-button-block\" data-product-id=\"3522\" data-attributes=\"{&quot;kind&quot;:&quot;button&quot;}\"><\/div><a href=\"https:\/\/www.dvorakgallery.com\/en\/product\/andrzej-cieslar-reka-akryl-2025\/\" class=\"woocommerce-LoopProduct-link woocommerce-loop-product__link\"><img loading=\"lazy\" decoding=\"async\" width=\"300\" height=\"300\" src=\"https:\/\/www.dvorakgallery.com\/wp-content\/uploads\/2025\/09\/eka_120x110_akryl_2025-300x300.webp\" class=\"attachment-woocommerce_thumbnail size-woocommerce_thumbnail\" alt=\"Andrzej Cie\u015blar \u2013 obraz \u0158eka, akrylov\u00e1 malba na pl\u00e1tn\u011b 120 \u00d7 110 cm z roku 2025\" srcset=\"https:\/\/www.dvorakgallery.com\/wp-content\/uploads\/2025\/09\/eka_120x110_akryl_2025-300x300.webp 300w, https:\/\/www.dvorakgallery.com\/wp-content\/uploads\/2025\/09\/eka_120x110_akryl_2025-150x150.webp 150w, https:\/\/www.dvorakgallery.com\/wp-content\/uploads\/2025\/09\/eka_120x110_akryl_2025-768x768.webp 768w, https:\/\/www.dvorakgallery.com\/wp-content\/uploads\/2025\/09\/eka_120x110_akryl_2025-600x600.webp 600w, https:\/\/www.dvorakgallery.com\/wp-content\/uploads\/2025\/09\/eka_120x110_akryl_2025-100x100.webp 100w, https:\/\/www.dvorakgallery.com\/wp-content\/uploads\/2025\/09\/eka_120x110_akryl_2025-50x50.webp 50w, https:\/\/www.dvorakgallery.com\/wp-content\/uploads\/2025\/09\/eka_120x110_akryl_2025-64x64.webp 64w, https:\/\/www.dvorakgallery.com\/wp-content\/uploads\/2025\/09\/eka_120x110_akryl_2025.webp 1000w\" sizes=\"(max-width: 300px) 100vw, 300px\" \/><h2 class=\"woocommerce-loop-product__title\">\u0158EKA 2025<\/h2><\/a><div class=\"dg-under-title\"><div class=\"dg-artist\"><a class=\"dg-link\" href=\"https:\/\/www.dvorakgallery.com\/en\/umelci\/andrzej-cieslar\/\">Andrzej Cie\u015blar<\/a><\/div><div class=\"dg-sub\"><a class=\"dg-link\" href=\"https:\/\/www.dvorakgallery.com\/en\/product-category\/technika-malby\/akryl\/\">Akryl<\/a> \u00b7 120 x 110 cm<\/div><\/div>\n\t<span class=\"price\"><span class=\"woocommerce-Price-amount amount\"><bdi>42 000&nbsp;<span class=\"woocommerce-Price-currencySymbol\" translate=\"no\">&#75;&#269;<\/span><\/bdi><\/span><\/span>\n<a href=\"\/en\/wp-json\/wp\/v2\/umelec\/3510?add-to-cart=3522\" aria-describedby=\"woocommerce_loop_add_to_cart_link_describedby_3522\" data-quantity=\"1\" class=\"button product_type_simple add_to_cart_button ajax_add_to_cart\" data-product_id=\"3522\" data-product_sku=\"\" aria-label=\"Add to cart: &ldquo;\u0158EKA 2025&rdquo;\" rel=\"nofollow\" data-success_message=\"&ldquo;\u0158EKA 2025&rdquo; has been added to your cart\" role=\"button\">Add to cart<\/a>\t<span id=\"woocommerce_loop_add_to_cart_link_describedby_3522\" class=\"screen-reader-text\">\n\t\t\t<\/span>\n<\/li>\n<\/ul>\n\n<\/div>\n\t\t\t\t\t\t<\/div>\n\t\t\t\t\t<\/div>\n\t\t\t\t<\/div>\n\t\t\t\t<\/div>\n\t\t","protected":false},"featured_media":0,"template":"","umelec":[],"class_list":["post-3510","umelec","type-umelec","status-publish","hentry"],"acf":[],"_links":{"self":[{"href":"https:\/\/www.dvorakgallery.com\/en\/wp-json\/wp\/v2\/umelec\/3510"}],"collection":[{"href":"https:\/\/www.dvorakgallery.com\/en\/wp-json\/wp\/v2\/umelec"}],"about":[{"href":"https:\/\/www.dvorakgallery.com\/en\/wp-json\/wp\/v2\/types\/umelec"}],"version-history":[{"count":10,"href":"https:\/\/www.dvorakgallery.com\/en\/wp-json\/wp\/v2\/umelec\/3510\/revisions"}],"predecessor-version":[{"id":4406,"href":"https:\/\/www.dvorakgallery.com\/en\/wp-json\/wp\/v2\/umelec\/3510\/revisions\/4406"}],"wp:attachment":[{"href":"https:\/\/www.dvorakgallery.com\/en\/wp-json\/wp\/v2\/media?parent=3510"}],"wp:term":[{"taxonomy":"umelec","embeddable":true,"href":"https:\/\/www.dvorakgallery.com\/en\/wp-json\/wp\/v2\/umelec?post=3510"}],"curies":[{"name":"wp","href":"https:\/\/api.w.org\/{rel}","templated":true}]}}